{"id":2661,"date":"2023-03-13T06:46:25","date_gmt":"2023-03-13T06:46:25","guid":{"rendered":"https:\/\/daniela-parrucchieri.com\/?page_id=2661"},"modified":"2024-07-19T17:17:23","modified_gmt":"2024-07-19T17:17:23","slug":"servizi-2","status":"publish","type":"page","link":"https:\/\/daniela-parrucchieri.com\/index.php\/servizi-2\/","title":{"rendered":"Servizi"},"content":{"rendered":"\n<p><\/p>\n\n\n\n<p class=\"has-color-2-color has-color-5-background-color has-text-color has-background has-link-color has-gigantic-font-size wp-elements-33b803232f62402525f49baea8d20d3c\"><strong><em>Natural Nuance<\/em><\/strong> <strong>AirTouch<\/strong><\/p>\n\n\n\n<p class=\"has-small-font-size\" style=\"font-style:normal;font-weight:200\"><\/p>\n\n\n\n<div class=\"wp-block-media-text is-stacked-on-mobile\" style=\"grid-template-columns:23% auto\"><figure class=\"wp-block-media-text__media\"><img loading=\"lazy\" decoding=\"async\" width=\"769\" height=\"1024\" src=\"https:\/\/daniela-parrucchieri.com\/wp-content\/uploads\/2024\/05\/IMG-20220203-WA0011.jpg\" alt=\"Img 20220203 Wa0011\" class=\"wp-image-3105 size-full\" srcset=\"https:\/\/daniela-parrucchieri.com\/wp-content\/uploads\/2024\/05\/IMG-20220203-WA0011.jpg 769w, https:\/\/daniela-parrucchieri.com\/wp-content\/uploads\/2024\/05\/IMG-20220203-WA0011-225x300.jpg 225w, https:\/\/daniela-parrucchieri.com\/wp-content\/uploads\/2024\/05\/IMG-20220203-WA0011-575x766.jpg 575w, https:\/\/daniela-parrucchieri.com\/wp-content\/uploads\/2024\/05\/IMG-20220203-WA0011-380x506.jpg 380w, https:\/\/daniela-parrucchieri.com\/wp-content\/uploads\/2024\/05\/IMG-20220203-WA0011-420x559.jpg 420w\" sizes=\"auto, (max-width: 769px) 100vw, 769px\" \/><\/figure><div class=\"wp-block-media-text__content\">\n<p class=\"has-small-font-size\" style=\"font-style:normal;font-weight:200\">Il biondo \u00e8 sempre il biondo.<\/p>\n\n\n\n<p class=\"has-small-font-size\" style=\"font-style:normal;font-weight:200\">Luminoso, brillante e affascinante.<\/p>\n\n\n\n<p class=\"has-small-font-size\" style=\"font-style:normal;font-weight:200\"><em>Ma quante volte \u00e8 veramente difficile ottenere un bel biondo?<\/em><\/p>\n\n\n\n<p class=\"has-color-5-background-color has-background has-small-font-size\" style=\"font-style:normal;font-weight:200\"><strong><em>Che cos \u00e8 Air Touch?<\/em><\/strong><\/p>\n\n\n\n<p class=\"has-small-font-size\" style=\"font-style:normal;font-weight:200\">La nascita dell\u2019<strong>Airtouch<\/strong>&nbsp;si deve al parrucchiere russo Vladimir Sarbashev, il quale, nel suo salone di bellezza a Mosca, cercava di ovviare al problema che le diverse tecniche di schiarimento comportano, ovvero la temuta ricrescita.<\/p>\n<\/div><\/div>\n\n\n\n<p><\/p>\n\n\n\n<div class=\"wp-block-media-text is-stacked-on-mobile\" style=\"grid-template-columns:20% auto\"><figure class=\"wp-block-media-text__media\"><img loading=\"lazy\" decoding=\"async\" width=\"768\" height=\"1024\" src=\"https:\/\/daniela-parrucchieri.com\/wp-content\/uploads\/2024\/05\/photo_5938077249666399913_y-768x1024.jpg\" alt=\"Photo 5938077249666399913 Y\" class=\"wp-image-3106 size-full\" srcset=\"https:\/\/daniela-parrucchieri.com\/wp-content\/uploads\/2024\/05\/photo_5938077249666399913_y-768x1024.jpg 768w, https:\/\/daniela-parrucchieri.com\/wp-content\/uploads\/2024\/05\/photo_5938077249666399913_y-225x300.jpg 225w, https:\/\/daniela-parrucchieri.com\/wp-content\/uploads\/2024\/05\/photo_5938077249666399913_y-920x1227.jpg 920w, https:\/\/daniela-parrucchieri.com\/wp-content\/uploads\/2024\/05\/photo_5938077249666399913_y-575x767.jpg 575w, https:\/\/daniela-parrucchieri.com\/wp-content\/uploads\/2024\/05\/photo_5938077249666399913_y-380x507.jpg 380w, https:\/\/daniela-parrucchieri.com\/wp-content\/uploads\/2024\/05\/photo_5938077249666399913_y-420x560.jpg 420w, https:\/\/daniela-parrucchieri.com\/wp-content\/uploads\/2024\/05\/photo_5938077249666399913_y-800x1067.jpg 800w, https:\/\/daniela-parrucchieri.com\/wp-content\/uploads\/2024\/05\/photo_5938077249666399913_y.jpg 960w\" sizes=\"auto, (max-width: 768px) 100vw, 768px\" \/><\/figure><div class=\"wp-block-media-text__content\">\n<p class=\"has-color-5-background-color has-background has-small-font-size\" style=\"font-style:normal;font-weight:200\"><em><strong>Che cosa rende differente Air Touch dalle altre tecniche?<\/strong><\/em><\/p>\n\n\n\n<p class=\"has-small-font-size\" style=\"font-style:normal;font-weight:200\">Per ogni ciocca verr\u00e0 utilizzata l\u2019aria del phon per escludere i capelli pi\u00f9 corti in modo molto minuzioso e personalizzato ,cos\u00ec da raggiungere tonalit\u00e0 di biondo pi\u00f9 chiare rispetto alle tecniche tradizionali.<\/p>\n\n\n\n<p class=\"has-small-font-size\" style=\"font-style:normal;font-weight:200\">Per assicurarsi comunque che il capello venga rispettato viene aggiunto anche un protettivo  &nbsp;e viene eseguito in seguito un trattamento ristrutturante che riporti il capello alla sua naturale lucentezza a fine trattamento di colorazione.<\/p>\n\n\n\n<p class=\"has-small-font-size\" style=\"font-style:normal;font-weight:200\">Per perfezionare  la schiaritura raggiunta andremo ad utilizzare un tonalizzante per le lunghezze, che stabilisca esattamente il riflesso e la tonalit\u00e0 precisa che desideriamo  ottenere e il colore in radice se avessimo bisogno di coprire capelli bianchi.<\/p>\n\n\n\n<p class=\"has-small-font-size\" style=\"font-style:normal;font-weight:200\"><\/p>\n<\/div><\/div>\n\n\n\n<p class=\"has-color-5-background-color has-background has-large-font-size\" style=\"font-style:normal;font-weight:200\"><em><strong>Quanto costa?<\/strong><\/em><\/p>\n\n\n\n<p class=\"has-small-font-size\" style=\"font-style:normal;font-weight:200\">Devi sapere che&nbsp;<strong>studiamo<\/strong>&nbsp;in continuazione tutte le nuove tecniche che i panorami internazionali propongono.<\/p>\n\n\n\n<p class=\"has-small-font-size\" style=\"font-style:normal;font-weight:200\"> Impariamo dagli esperti di tutto il mondo i loro segreti per riservare a te e ai tuoi capelli un&nbsp;<strong>trattamento d\u2019eccellenza<\/strong>. Siamo sempre al passo con le nuove tendenze per offrirti ogni volta una soluzione diversa, innovativa e tagliata su misura per te. <\/p>\n\n\n\n<p class=\"has-small-font-size\" style=\"font-style:normal;font-weight:200\">Il nostro personale estremamente qualificato dar\u00e0 fondo a tutta la sua perizia per realizzare il&nbsp;<strong>biondo che desideri<\/strong>, di qualsiasi sfumatura tu lo voglia.&nbsp;<\/p>\n\n\n\n<p class=\"has-small-font-size\" style=\"font-style:normal;font-weight:200\">Si consiglia sempre di non avere fretta, perch\u00e9 i tempi di posa possono essere pi\u00f9 lunghi, rispetto ai metodi tradizionali, ma questa tecnica ci permette di allungare anche i tempi fra una schiaritura e l\u2019altra.<\/p>\n\n\n\n<p class=\"has-small-font-size\" style=\"font-style:normal;font-weight:200\">In base alle tue preferenze, faremo di tutto per realizzare i tuoi desideri regalandoti il risultato perfetto che meriti. <\/p>\n\n\n\n<p class=\"has-small-font-size\" style=\"font-style:normal;font-weight:200\">Niente di meno \u00e8 concesso.<\/p>\n\n\n\n<p class=\"has-small-font-size\" style=\"font-style:normal;font-weight:200\">Da \u20ac 200\/350  Vieni a scoprire la super promo di MAGGIO!<\/p>\n\n\n\n<p class=\"has-small-font-size\" style=\"font-style:normal;font-weight:200\">Compreso di: Tecnica AirTouch, Protettivo K18,Tonalizzazioni, Colore ,Trattamenti curativi ,Piega.<\/p>\n\n\n\n<p class=\"has-larger-font-size\"><\/p>\n\n\n\n<p><strong>BABYLIGHT<\/strong> Se desideri riflessi delicati come quelli di una bambina ,questa tecnica fa per te.<\/p>\n\n\n\n<figure class=\"wp-block-image size-full is-resized\"><img loading=\"lazy\" decoding=\"async\" width=\"564\" height=\"704\" src=\"https:\/\/daniela-parrucchieri.com\/wp-content\/uploads\/2023\/05\/920c921b33840d6847c0f732c61f03df.jpg\" alt=\"\" class=\"wp-image-2832\" style=\"width:316px;height:auto\" srcset=\"https:\/\/daniela-parrucchieri.com\/wp-content\/uploads\/2023\/05\/920c921b33840d6847c0f732c61f03df.jpg 564w, https:\/\/daniela-parrucchieri.com\/wp-content\/uploads\/2023\/05\/920c921b33840d6847c0f732c61f03df-240x300.jpg 240w, https:\/\/daniela-parrucchieri.com\/wp-content\/uploads\/2023\/05\/920c921b33840d6847c0f732c61f03df-380x474.jpg 380w, https:\/\/daniela-parrucchieri.com\/wp-content\/uploads\/2023\/05\/920c921b33840d6847c0f732c61f03df-420x524.jpg 420w\" sizes=\"auto, (max-width: 564px) 100vw, 564px\" \/><\/figure>\n\n\n\n<p><strong>FRAME<\/strong> La tecnica FRAME serve a mettere in luce letteralmente il contorno viso creando letteralmente una cornice(Frame significa &#8220;cornice&#8221;)<\/p>\n\n\n\n<figure class=\"wp-block-image size-large is-resized\"><img loading=\"lazy\" decoding=\"async\" width=\"840\" height=\"1024\" src=\"https:\/\/daniela-parrucchieri.com\/wp-content\/uploads\/2024\/07\/extra-light-money-piece-for-darker-hair-840x1024.jpg\" alt=\"Extra Light Money Piece For Darker Hair\" class=\"wp-image-3128\" style=\"width:401px;height:auto\" srcset=\"https:\/\/daniela-parrucchieri.com\/wp-content\/uploads\/2024\/07\/extra-light-money-piece-for-darker-hair-840x1024.jpg 840w, https:\/\/daniela-parrucchieri.com\/wp-content\/uploads\/2024\/07\/extra-light-money-piece-for-darker-hair-246x300.jpg 246w, https:\/\/daniela-parrucchieri.com\/wp-content\/uploads\/2024\/07\/extra-light-money-piece-for-darker-hair-768x936.jpg 768w, https:\/\/daniela-parrucchieri.com\/wp-content\/uploads\/2024\/07\/extra-light-money-piece-for-darker-hair-1140x1389.jpg 1140w, https:\/\/daniela-parrucchieri.com\/wp-content\/uploads\/2024\/07\/extra-light-money-piece-for-darker-hair-920x1121.jpg 920w, https:\/\/daniela-parrucchieri.com\/wp-content\/uploads\/2024\/07\/extra-light-money-piece-for-darker-hair-575x701.jpg 575w, https:\/\/daniela-parrucchieri.com\/wp-content\/uploads\/2024\/07\/extra-light-money-piece-for-darker-hair-380x463.jpg 380w, https:\/\/daniela-parrucchieri.com\/wp-content\/uploads\/2024\/07\/extra-light-money-piece-for-darker-hair-420x512.jpg 420w, https:\/\/daniela-parrucchieri.com\/wp-content\/uploads\/2024\/07\/extra-light-money-piece-for-darker-hair-800x975.jpg 800w, https:\/\/daniela-parrucchieri.com\/wp-content\/uploads\/2024\/07\/extra-light-money-piece-for-darker-hair.jpg 1200w\" sizes=\"auto, (max-width: 840px) 100vw, 840px\" \/><\/figure>\n\n\n\n<p><strong><em>NEWS<\/em><\/strong> <strong>DEGRADE&#8217; JOELLE<\/strong> Tecnica amata dalle star, \u00e8 una tecnica che consente infinite combinazioni e intrecci di colore creando colori e schiariture uniche , e per chi ha i capelli bianchi, mimetizza perfettamente la ricrescita.<\/p>\n\n\n\n<figure class=\"wp-block-image size-large is-resized\"><img loading=\"lazy\" decoding=\"async\" width=\"768\" height=\"1024\" src=\"https:\/\/daniela-parrucchieri.com\/wp-content\/uploads\/2024\/07\/photo_5920289320487469414_y-768x1024.jpg\" alt=\"Photo 5920289320487469414 Y\" class=\"wp-image-3129\" style=\"width:371px;height:auto\" srcset=\"https:\/\/daniela-parrucchieri.com\/wp-content\/uploads\/2024\/07\/photo_5920289320487469414_y-768x1024.jpg 768w, https:\/\/daniela-parrucchieri.com\/wp-content\/uploads\/2024\/07\/photo_5920289320487469414_y-225x300.jpg 225w, https:\/\/daniela-parrucchieri.com\/wp-content\/uploads\/2024\/07\/photo_5920289320487469414_y-920x1227.jpg 920w, https:\/\/daniela-parrucchieri.com\/wp-content\/uploads\/2024\/07\/photo_5920289320487469414_y-575x767.jpg 575w, https:\/\/daniela-parrucchieri.com\/wp-content\/uploads\/2024\/07\/photo_5920289320487469414_y-380x507.jpg 380w, https:\/\/daniela-parrucchieri.com\/wp-content\/uploads\/2024\/07\/photo_5920289320487469414_y-420x560.jpg 420w, https:\/\/daniela-parrucchieri.com\/wp-content\/uploads\/2024\/07\/photo_5920289320487469414_y-800x1067.jpg 800w, https:\/\/daniela-parrucchieri.com\/wp-content\/uploads\/2024\/07\/photo_5920289320487469414_y.jpg 960w\" sizes=\"auto, (max-width: 768px) 100vw, 768px\" \/><\/figure>\n\n\n\n<p><\/p>\n\n\n\n<p><strong>BABYLIGHT<\/strong> Schiariture a mano libera in cartina, per un effetto beach fresco ed attuale.<br><strong>COLORE DI BASE <\/strong>Colorazione e copertura dei capelli bianchi o effetto ombre\u00e8.<br><strong>COLORE COMPLETO<\/strong>&nbsp;Coloriamo tutta la capigliatura .<br><strong>COLORE SENZA AMMONIACA <\/strong>Coloriamo in sicurezza e delicatamente .<br><strong>BEACH STILE <\/strong>Tecnica di schiaritura naturale effetto mare.<br><strong>OMBREE&#8217;<\/strong> Colorazione di contrasto in radice e lunghezze.<br><strong>ONDE <\/strong>Permanente delicata dalla durata di 20 giorni, 8 settimane o tre mesi.<br><strong>DISCIPLINANTE&nbsp;<\/strong> Servizio che liscia leggermente i capelli rendendoli&nbsp; docili e lucidissimi per 2\/4 mesi, ideale per capelli crespi ondulati.<br><strong>LISCIANTE <\/strong>Servizio lisciante per capelli crespi medio ricci e indomabili, li rende lucidi e facilmente gestibili. Durata 4\/5 mesi<br><\/p>\n\n\n\n<p><strong>NEWS <\/strong>Trattamento arricchito di <strong>ACIDO IALURONICO<\/strong>&nbsp; e <strong>ACIDI DELLA FRUTTA<\/strong> estremamente ristrutturante e anti age.<\/p>\n\n\n\n<p><\/p>\n","protected":false},"excerpt":{"rendered":"<p>Natural Nuance AirTouch Il biondo \u00e8 sempre il biondo. Luminoso, brillante e affascinante. Ma quante volte \u00e8 veramente difficile ottenere un bel biondo? Che cos \u00e8 Air Touch? La nascita [&hellip;]<\/p>\n","protected":false},"author":1,"featured_media":0,"parent":0,"menu_order":0,"comment_status":"closed","ping_status":"closed","template":"","meta":{"slim_seo":{"title":"Servizi del salone Natural Nuance di Daniela Provasi Ferrara","description":"Dalla messa in piega, ai colpi di sole, alla chirurgia dei capelli. Questo e molto altro nel nostro salone Natural Nuance."},"footnotes":""},"class_list":["post-2661","page","type-page","status-publish","hentry"],"_links":{"self":[{"href":"https:\/\/daniela-parrucchieri.com\/index.php\/wp-json\/wp\/v2\/pages\/2661","targetHints":{"allow":["GET"]}}],"collection":[{"href":"https:\/\/daniela-parrucchieri.com\/index.php\/wp-json\/wp\/v2\/pages"}],"about":[{"href":"https:\/\/daniela-parrucchieri.com\/index.php\/wp-json\/wp\/v2\/types\/page"}],"author":[{"embeddable":true,"href":"https:\/\/daniela-parrucchieri.com\/index.php\/wp-json\/wp\/v2\/users\/1"}],"replies":[{"embeddable":true,"href":"https:\/\/daniela-parrucchieri.com\/index.php\/wp-json\/wp\/v2\/comments?post=2661"}],"version-history":[{"count":16,"href":"https:\/\/daniela-parrucchieri.com\/index.php\/wp-json\/wp\/v2\/pages\/2661\/revisions"}],"predecessor-version":[{"id":3131,"href":"https:\/\/daniela-parrucchieri.com\/index.php\/wp-json\/wp\/v2\/pages\/2661\/revisions\/3131"}],"wp:attachment":[{"href":"https:\/\/daniela-parrucchieri.com\/index.php\/wp-json\/wp\/v2\/media?parent=2661"}],"curies":[{"name":"wp","href":"https:\/\/api.w.org\/{rel}","templated":true}]}}