{"id":2040,"date":"2023-03-04T13:46:07","date_gmt":"2023-03-04T13:46:07","guid":{"rendered":"https:\/\/daniela-parrucchieri.com\/?page_id=2040"},"modified":"2026-03-14T16:46:29","modified_gmt":"2026-03-14T16:46:29","slug":"2040-2","status":"publish","type":"page","link":"https:\/\/daniela-parrucchieri.com\/","title":{"rendered":""},"content":{"rendered":"<div class=\"wp-block-image\">\n<figure class=\"aligncenter size-full is-resized\"><img loading=\"lazy\" decoding=\"async\" width=\"936\" height=\"432\" src=\"https:\/\/daniela-parrucchieri.com\/wp-content\/uploads\/2024\/01\/logo-natural-Nuance.png\" alt=\"Logo Natural Nuance\" class=\"wp-image-2945\" style=\"width:504px;height:auto\" srcset=\"https:\/\/daniela-parrucchieri.com\/wp-content\/uploads\/2024\/01\/logo-natural-Nuance.png 936w, https:\/\/daniela-parrucchieri.com\/wp-content\/uploads\/2024\/01\/logo-natural-Nuance-300x138.png 300w, https:\/\/daniela-parrucchieri.com\/wp-content\/uploads\/2024\/01\/logo-natural-Nuance-768x354.png 768w, https:\/\/daniela-parrucchieri.com\/wp-content\/uploads\/2024\/01\/logo-natural-Nuance-920x425.png 920w, https:\/\/daniela-parrucchieri.com\/wp-content\/uploads\/2024\/01\/logo-natural-Nuance-575x265.png 575w, https:\/\/daniela-parrucchieri.com\/wp-content\/uploads\/2024\/01\/logo-natural-Nuance-380x175.png 380w, https:\/\/daniela-parrucchieri.com\/wp-content\/uploads\/2024\/01\/logo-natural-Nuance-420x194.png 420w, https:\/\/daniela-parrucchieri.com\/wp-content\/uploads\/2024\/01\/logo-natural-Nuance-800x369.png 800w\" sizes=\"auto, (max-width: 936px) 100vw, 936px\" \/><\/figure>\n<\/div>\n\n\n<div class=\"wp-block-group alignfull has-background\" style=\"background-color:#f8f4e4\"><div class=\"wp-block-group__inner-container is-layout-flow wp-block-group-is-layout-flow\">\n<div class=\"wp-block-columns alignwide is-layout-flex wp-container-core-columns-is-layout-28f84493 wp-block-columns-is-layout-flex\">\n<div class=\"wp-block-column is-layout-flow wp-block-column-is-layout-flow\"><div class=\"wp-block-image\">\n<figure class=\"aligncenter size-large is-resized\"><img loading=\"lazy\" decoding=\"async\" width=\"576\" height=\"1024\" src=\"https:\/\/daniela-parrucchieri.com\/wp-content\/uploads\/2024\/02\/New-Travel-Blog-Post-Your-Story-2-2-576x1024.png\" alt=\"New Travel Blog Post Your Story 2 2\" class=\"wp-image-3051\" style=\"width:421px;height:auto\" srcset=\"https:\/\/daniela-parrucchieri.com\/wp-content\/uploads\/2024\/02\/New-Travel-Blog-Post-Your-Story-2-2-576x1024.png 576w, https:\/\/daniela-parrucchieri.com\/wp-content\/uploads\/2024\/02\/New-Travel-Blog-Post-Your-Story-2-2-169x300.png 169w, https:\/\/daniela-parrucchieri.com\/wp-content\/uploads\/2024\/02\/New-Travel-Blog-Post-Your-Story-2-2-768x1365.png 768w, https:\/\/daniela-parrucchieri.com\/wp-content\/uploads\/2024\/02\/New-Travel-Blog-Post-Your-Story-2-2-864x1536.png 864w, https:\/\/daniela-parrucchieri.com\/wp-content\/uploads\/2024\/02\/New-Travel-Blog-Post-Your-Story-2-2-920x1636.png 920w, https:\/\/daniela-parrucchieri.com\/wp-content\/uploads\/2024\/02\/New-Travel-Blog-Post-Your-Story-2-2-575x1022.png 575w, https:\/\/daniela-parrucchieri.com\/wp-content\/uploads\/2024\/02\/New-Travel-Blog-Post-Your-Story-2-2-380x676.png 380w, https:\/\/daniela-parrucchieri.com\/wp-content\/uploads\/2024\/02\/New-Travel-Blog-Post-Your-Story-2-2-420x747.png 420w, https:\/\/daniela-parrucchieri.com\/wp-content\/uploads\/2024\/02\/New-Travel-Blog-Post-Your-Story-2-2-800x1422.png 800w, https:\/\/daniela-parrucchieri.com\/wp-content\/uploads\/2024\/02\/New-Travel-Blog-Post-Your-Story-2-2.png 1080w\" sizes=\"auto, (max-width: 576px) 100vw, 576px\" \/><\/figure>\n<\/div>\n\n\n<div style=\"height:5px\" aria-hidden=\"true\" class=\"wp-block-spacer\"><\/div>\n\n\n\n<p class=\"has-text-align-center\" style=\"font-size:20px\"><strong>Natural Nuance di Daniela Provasi \u00e8<\/strong> <strong>Centro Specializzato in schiariture dall&#8217;effetto naturale.<\/strong><br><strong>Prova la magia di indossare un colore unico, che rispecchia la tua personalit\u00e0.<\/strong><br>Come? Con <strong>le nostre tecniche esclusive.<\/strong><br>Contattaci per appuntamenti e maggiori informazioni.<br><strong>Ricorda che ci puoi trovare a Ferrara, in via Borgo Punta, 84<em>.<\/em><\/strong><br>Per contattarci, fissare un appuntamento o semplicemente richiedere una consulenza presso il nostro salone, <br>ecco il nostro contatto <strong>Whatsapp 338.59.300.62<\/strong><\/p>\n<\/div>\n<\/div>\n\n\n\n<div class=\"wp-block-columns alignfull are-vertically-aligned-top is-layout-flex wp-container-core-columns-is-layout-28f84493 wp-block-columns-is-layout-flex\">\n<div class=\"wp-block-column is-vertically-aligned-top is-layout-flow wp-block-column-is-layout-flow\" style=\"flex-basis:50%\"><\/div>\n\n\n\n<div class=\"wp-block-column is-vertically-aligned-top is-layout-flow wp-block-column-is-layout-flow\" style=\"flex-basis:50%\"><\/div>\n<\/div>\n<\/div><\/div>\n\n\n\n<figure class=\"wp-block-image size-large is-resized\"><img loading=\"lazy\" decoding=\"async\" width=\"576\" height=\"1024\" src=\"https:\/\/daniela-parrucchieri.com\/wp-content\/uploads\/2024\/06\/New-Travel-Blog-Post-Your-Story-3-576x1024.png\" alt=\"New Travel Blog Post Your Story 3\" class=\"wp-image-3117\" style=\"width:375px;height:auto\" srcset=\"https:\/\/daniela-parrucchieri.com\/wp-content\/uploads\/2024\/06\/New-Travel-Blog-Post-Your-Story-3-576x1024.png 576w, https:\/\/daniela-parrucchieri.com\/wp-content\/uploads\/2024\/06\/New-Travel-Blog-Post-Your-Story-3-169x300.png 169w, https:\/\/daniela-parrucchieri.com\/wp-content\/uploads\/2024\/06\/New-Travel-Blog-Post-Your-Story-3-768x1365.png 768w, https:\/\/daniela-parrucchieri.com\/wp-content\/uploads\/2024\/06\/New-Travel-Blog-Post-Your-Story-3-864x1536.png 864w, https:\/\/daniela-parrucchieri.com\/wp-content\/uploads\/2024\/06\/New-Travel-Blog-Post-Your-Story-3-920x1636.png 920w, https:\/\/daniela-parrucchieri.com\/wp-content\/uploads\/2024\/06\/New-Travel-Blog-Post-Your-Story-3-575x1022.png 575w, https:\/\/daniela-parrucchieri.com\/wp-content\/uploads\/2024\/06\/New-Travel-Blog-Post-Your-Story-3-380x676.png 380w, https:\/\/daniela-parrucchieri.com\/wp-content\/uploads\/2024\/06\/New-Travel-Blog-Post-Your-Story-3-420x747.png 420w, https:\/\/daniela-parrucchieri.com\/wp-content\/uploads\/2024\/06\/New-Travel-Blog-Post-Your-Story-3-800x1422.png 800w, https:\/\/daniela-parrucchieri.com\/wp-content\/uploads\/2024\/06\/New-Travel-Blog-Post-Your-Story-3.png 1080w\" sizes=\"auto, (max-width: 576px) 100vw, 576px\" \/><\/figure>\n\n\n\n<h2 class=\"wp-block-heading has-text-align-center\" style=\"font-style:normal;font-weight:300\"><strong> <\/strong><\/h2>\n\n\n\n<figure class=\"wp-block-image size-large is-resized\"><img loading=\"lazy\" decoding=\"async\" width=\"724\" height=\"1024\" src=\"https:\/\/daniela-parrucchieri.com\/wp-content\/uploads\/2026\/03\/Classico-Celebrazione-della-Vita-Poster-2-724x1024.png\" alt=\"Classico Celebrazione della Vita Poster (2)\" class=\"wp-image-3218\" style=\"aspect-ratio:0.7069087944456133;width:406px;height:auto\" srcset=\"https:\/\/daniela-parrucchieri.com\/wp-content\/uploads\/2026\/03\/Classico-Celebrazione-della-Vita-Poster-2-724x1024.png 724w, https:\/\/daniela-parrucchieri.com\/wp-content\/uploads\/2026\/03\/Classico-Celebrazione-della-Vita-Poster-2-212x300.png 212w, https:\/\/daniela-parrucchieri.com\/wp-content\/uploads\/2026\/03\/Classico-Celebrazione-della-Vita-Poster-2-768x1086.png 768w, https:\/\/daniela-parrucchieri.com\/wp-content\/uploads\/2026\/03\/Classico-Celebrazione-della-Vita-Poster-2-1086x1536.png 1086w, https:\/\/daniela-parrucchieri.com\/wp-content\/uploads\/2026\/03\/Classico-Celebrazione-della-Vita-Poster-2-1448x2048.png 1448w, https:\/\/daniela-parrucchieri.com\/wp-content\/uploads\/2026\/03\/Classico-Celebrazione-della-Vita-Poster-2-1140x1613.png 1140w, https:\/\/daniela-parrucchieri.com\/wp-content\/uploads\/2026\/03\/Classico-Celebrazione-della-Vita-Poster-2-920x1301.png 920w, https:\/\/daniela-parrucchieri.com\/wp-content\/uploads\/2026\/03\/Classico-Celebrazione-della-Vita-Poster-2-575x813.png 575w, https:\/\/daniela-parrucchieri.com\/wp-content\/uploads\/2026\/03\/Classico-Celebrazione-della-Vita-Poster-2-380x538.png 380w, https:\/\/daniela-parrucchieri.com\/wp-content\/uploads\/2026\/03\/Classico-Celebrazione-della-Vita-Poster-2-420x594.png 420w, https:\/\/daniela-parrucchieri.com\/wp-content\/uploads\/2026\/03\/Classico-Celebrazione-della-Vita-Poster-2-800x1132.png 800w, https:\/\/daniela-parrucchieri.com\/wp-content\/uploads\/2026\/03\/Classico-Celebrazione-della-Vita-Poster-2.png 1587w\" sizes=\"auto, (max-width: 724px) 100vw, 724px\" \/><\/figure>\n\n\n\n<figure class=\"wp-block-image size-large is-resized\"><img loading=\"lazy\" decoding=\"async\" width=\"724\" height=\"1024\" src=\"https:\/\/daniela-parrucchieri.com\/wp-content\/uploads\/2026\/03\/Classico-Celebrazione-della-Vita-Poster-3-724x1024.png\" alt=\"Classico Celebrazione della Vita Poster (3)\" class=\"wp-image-3221\" style=\"aspect-ratio:0.7069038085884803;width:311px;height:auto\" srcset=\"https:\/\/daniela-parrucchieri.com\/wp-content\/uploads\/2026\/03\/Classico-Celebrazione-della-Vita-Poster-3-724x1024.png 724w, https:\/\/daniela-parrucchieri.com\/wp-content\/uploads\/2026\/03\/Classico-Celebrazione-della-Vita-Poster-3-212x300.png 212w, https:\/\/daniela-parrucchieri.com\/wp-content\/uploads\/2026\/03\/Classico-Celebrazione-della-Vita-Poster-3-768x1086.png 768w, https:\/\/daniela-parrucchieri.com\/wp-content\/uploads\/2026\/03\/Classico-Celebrazione-della-Vita-Poster-3-1086x1536.png 1086w, https:\/\/daniela-parrucchieri.com\/wp-content\/uploads\/2026\/03\/Classico-Celebrazione-della-Vita-Poster-3-1448x2048.png 1448w, https:\/\/daniela-parrucchieri.com\/wp-content\/uploads\/2026\/03\/Classico-Celebrazione-della-Vita-Poster-3-1140x1613.png 1140w, https:\/\/daniela-parrucchieri.com\/wp-content\/uploads\/2026\/03\/Classico-Celebrazione-della-Vita-Poster-3-920x1301.png 920w, https:\/\/daniela-parrucchieri.com\/wp-content\/uploads\/2026\/03\/Classico-Celebrazione-della-Vita-Poster-3-575x813.png 575w, https:\/\/daniela-parrucchieri.com\/wp-content\/uploads\/2026\/03\/Classico-Celebrazione-della-Vita-Poster-3-380x538.png 380w, https:\/\/daniela-parrucchieri.com\/wp-content\/uploads\/2026\/03\/Classico-Celebrazione-della-Vita-Poster-3-420x594.png 420w, https:\/\/daniela-parrucchieri.com\/wp-content\/uploads\/2026\/03\/Classico-Celebrazione-della-Vita-Poster-3-800x1132.png 800w, https:\/\/daniela-parrucchieri.com\/wp-content\/uploads\/2026\/03\/Classico-Celebrazione-della-Vita-Poster-3.png 1587w\" sizes=\"auto, (max-width: 724px) 100vw, 724px\" \/><\/figure>\n\n\n\n<div class=\"wp-block-group alignfull has-orange-background-color has-background\" style=\"font-style:normal;font-weight:400\"><div class=\"wp-block-group__inner-container is-layout-flow wp-block-group-is-layout-flow\">\n<div class=\"wp-block-columns alignwide is-layout-flex wp-container-core-columns-is-layout-28f84493 wp-block-columns-is-layout-flex\">\n<div class=\"wp-block-column is-layout-flow wp-block-column-is-layout-flow\"><\/div>\n<\/div>\n\n\n\n<div class=\"wp-block-columns alignfull are-vertically-aligned-top is-layout-flex wp-container-core-columns-is-layout-28f84493 wp-block-columns-is-layout-flex\">\n<div class=\"wp-block-column is-vertically-aligned-top is-layout-flow wp-block-column-is-layout-flow\" style=\"flex-basis:33.38%\">\n<div class=\"wp-block-buttons alignwide is-content-justification-right is-layout-flex wp-container-core-buttons-is-layout-d445cf74 wp-block-buttons-is-layout-flex\"><\/div>\n<\/div>\n\n\n\n<div class=\"wp-block-column is-vertically-aligned-top is-layout-flow wp-block-column-is-layout-flow\" style=\"flex-basis:33%\">\n<p class=\"has-text-align-center\" style=\"font-size:20px\"><strong>L&#8217;amore che ho per il nostro straordinario lavoro, la passione e la gioia che vi dedico, mi hanno accompagnato in tutti questi anni.<\/strong><\/p>\n\n\n\n<p class=\"has-text-align-center\" style=\"font-size:20px\">Il mio percorso di <strong>Hair Stylist <\/strong>\u00e8 iniziato un p\u00f2 per caso, ma \u00e8 stato subito chiaro l&#8217;ambito in cui avrei dedicato la mia creativit\u00e0.<br><br>Io e il mio team condividiamo gli stessi obbiettivi, ovvero creare tramite questo straordinario lavoro: <strong>felicit\u00e0 sui volti delle nostro clienti.<\/strong><\/p>\n\n\n\n<div style=\"height:24px\" aria-hidden=\"true\" class=\"wp-block-spacer\"><\/div>\n\n\n\n<div class=\"wp-block-buttons alignwide is-content-justification-center is-layout-flex wp-container-core-buttons-is-layout-a89b3969 wp-block-buttons-is-layout-flex\">\n<div class=\"wp-block-button\"><a class=\"wp-block-button__link wp-element-button\" href=\"tel:338.59.300.62\">CHIAMA ORA<\/a><\/div>\n<\/div>\n<\/div>\n\n\n\n<div class=\"wp-block-column is-vertically-aligned-top is-layout-flow wp-block-column-is-layout-flow\" style=\"flex-basis:33.62%\"><\/div>\n<\/div>\n\n\n\n<p><\/p>\n\n\n\n<p><\/p>\n\n\n<div class=\"wp-block-image is-resized\">\n<figure class=\"aligncenter size-large\"><img loading=\"lazy\" decoding=\"async\" width=\"1024\" height=\"321\" src=\"https:\/\/daniela-parrucchieri.com\/wp-content\/uploads\/2023\/03\/schizzo-daniela-parrucchieri-1024x321.png\" alt=\"schizzo daniela parrucchieri\" class=\"wp-image-2673\" style=\"width:364px;height:auto\" srcset=\"https:\/\/daniela-parrucchieri.com\/wp-content\/uploads\/2023\/03\/schizzo-daniela-parrucchieri-1024x321.png 1024w, https:\/\/daniela-parrucchieri.com\/wp-content\/uploads\/2023\/03\/schizzo-daniela-parrucchieri-300x94.png 300w, https:\/\/daniela-parrucchieri.com\/wp-content\/uploads\/2023\/03\/schizzo-daniela-parrucchieri-768x241.png 768w, https:\/\/daniela-parrucchieri.com\/wp-content\/uploads\/2023\/03\/schizzo-daniela-parrucchieri-1140x358.png 1140w, https:\/\/daniela-parrucchieri.com\/wp-content\/uploads\/2023\/03\/schizzo-daniela-parrucchieri-920x289.png 920w, https:\/\/daniela-parrucchieri.com\/wp-content\/uploads\/2023\/03\/schizzo-daniela-parrucchieri-575x180.png 575w, https:\/\/daniela-parrucchieri.com\/wp-content\/uploads\/2023\/03\/schizzo-daniela-parrucchieri-380x119.png 380w, https:\/\/daniela-parrucchieri.com\/wp-content\/uploads\/2023\/03\/schizzo-daniela-parrucchieri-420x132.png 420w, https:\/\/daniela-parrucchieri.com\/wp-content\/uploads\/2023\/03\/schizzo-daniela-parrucchieri-800x251.png 800w, https:\/\/daniela-parrucchieri.com\/wp-content\/uploads\/2023\/03\/schizzo-daniela-parrucchieri.png 1418w\" sizes=\"auto, (max-width: 1024px) 100vw, 1024px\" \/><\/figure>\n<\/div>\n\n\n<h2 class=\"wp-block-heading has-text-align-center\" style=\"font-style:normal;font-weight:300\">Alcune <em>nostre <\/em><strong>creazioni<\/strong><\/h2>\n<\/div><\/div>\n\n\n\n<p><\/p>\n\n\n\n<figure class=\"wp-block-gallery has-nested-images columns-default is-cropped wp-block-gallery-1 is-layout-flex wp-block-gallery-is-layout-flex\">\n<figure class=\"wp-block-image size-large\"><img loading=\"lazy\" decoding=\"async\" width=\"768\" height=\"1024\" data-id=\"3084\" src=\"https:\/\/daniela-parrucchieri.com\/wp-content\/uploads\/2024\/04\/photo_5773663668192526394_y-768x1024.jpg\" alt=\"Photo 5773663668192526394 Y\" class=\"wp-image-3084\" srcset=\"https:\/\/daniela-parrucchieri.com\/wp-content\/uploads\/2024\/04\/photo_5773663668192526394_y-768x1024.jpg 768w, https:\/\/daniela-parrucchieri.com\/wp-content\/uploads\/2024\/04\/photo_5773663668192526394_y-225x300.jpg 225w, https:\/\/daniela-parrucchieri.com\/wp-content\/uploads\/2024\/04\/photo_5773663668192526394_y-920x1227.jpg 920w, https:\/\/daniela-parrucchieri.com\/wp-content\/uploads\/2024\/04\/photo_5773663668192526394_y-575x767.jpg 575w, https:\/\/daniela-parrucchieri.com\/wp-content\/uploads\/2024\/04\/photo_5773663668192526394_y-380x507.jpg 380w, https:\/\/daniela-parrucchieri.com\/wp-content\/uploads\/2024\/04\/photo_5773663668192526394_y-420x560.jpg 420w, https:\/\/daniela-parrucchieri.com\/wp-content\/uploads\/2024\/04\/photo_5773663668192526394_y-800x1067.jpg 800w, https:\/\/daniela-parrucchieri.com\/wp-content\/uploads\/2024\/04\/photo_5773663668192526394_y.jpg 960w\" sizes=\"auto, (max-width: 768px) 100vw, 768px\" \/><figcaption class=\"wp-element-caption\">Natural Nuance<\/figcaption><\/figure>\n\n\n\n<figure class=\"wp-block-image size-large\"><img loading=\"lazy\" decoding=\"async\" width=\"768\" height=\"1024\" data-id=\"3094\" src=\"https:\/\/daniela-parrucchieri.com\/wp-content\/uploads\/2024\/04\/photo_5962765919979683956_y-768x1024.jpg\" alt=\"Photo 5962765919979683956 Y\" class=\"wp-image-3094\" srcset=\"https:\/\/daniela-parrucchieri.com\/wp-content\/uploads\/2024\/04\/photo_5962765919979683956_y-768x1024.jpg 768w, https:\/\/daniela-parrucchieri.com\/wp-content\/uploads\/2024\/04\/photo_5962765919979683956_y-225x300.jpg 225w, https:\/\/daniela-parrucchieri.com\/wp-content\/uploads\/2024\/04\/photo_5962765919979683956_y-920x1227.jpg 920w, https:\/\/daniela-parrucchieri.com\/wp-content\/uploads\/2024\/04\/photo_5962765919979683956_y-575x767.jpg 575w, https:\/\/daniela-parrucchieri.com\/wp-content\/uploads\/2024\/04\/photo_5962765919979683956_y-380x507.jpg 380w, https:\/\/daniela-parrucchieri.com\/wp-content\/uploads\/2024\/04\/photo_5962765919979683956_y-420x560.jpg 420w, https:\/\/daniela-parrucchieri.com\/wp-content\/uploads\/2024\/04\/photo_5962765919979683956_y-800x1067.jpg 800w, https:\/\/daniela-parrucchieri.com\/wp-content\/uploads\/2024\/04\/photo_5962765919979683956_y.jpg 960w\" sizes=\"auto, (max-width: 768px) 100vw, 768px\" \/><figcaption class=\"wp-element-caption\">Natural Nuance<\/figcaption><\/figure>\n\n\n\n<figure class=\"wp-block-image size-large\"><img loading=\"lazy\" decoding=\"async\" width=\"768\" height=\"1024\" data-id=\"3095\" src=\"https:\/\/daniela-parrucchieri.com\/wp-content\/uploads\/2024\/04\/photo_5962765919979683958_y-768x1024.jpg\" alt=\"Photo 5962765919979683958 Y\" class=\"wp-image-3095\" srcset=\"https:\/\/daniela-parrucchieri.com\/wp-content\/uploads\/2024\/04\/photo_5962765919979683958_y-768x1024.jpg 768w, https:\/\/daniela-parrucchieri.com\/wp-content\/uploads\/2024\/04\/photo_5962765919979683958_y-225x300.jpg 225w, https:\/\/daniela-parrucchieri.com\/wp-content\/uploads\/2024\/04\/photo_5962765919979683958_y-920x1227.jpg 920w, https:\/\/daniela-parrucchieri.com\/wp-content\/uploads\/2024\/04\/photo_5962765919979683958_y-575x767.jpg 575w, https:\/\/daniela-parrucchieri.com\/wp-content\/uploads\/2024\/04\/photo_5962765919979683958_y-380x507.jpg 380w, https:\/\/daniela-parrucchieri.com\/wp-content\/uploads\/2024\/04\/photo_5962765919979683958_y-420x560.jpg 420w, https:\/\/daniela-parrucchieri.com\/wp-content\/uploads\/2024\/04\/photo_5962765919979683958_y-800x1067.jpg 800w, https:\/\/daniela-parrucchieri.com\/wp-content\/uploads\/2024\/04\/photo_5962765919979683958_y.jpg 960w\" sizes=\"auto, (max-width: 768px) 100vw, 768px\" \/><figcaption class=\"wp-element-caption\">Natural Nuance<\/figcaption><\/figure>\n\n\n\n<figure class=\"wp-block-image size-large\"><img loading=\"lazy\" decoding=\"async\" width=\"768\" height=\"1024\" data-id=\"3093\" src=\"https:\/\/daniela-parrucchieri.com\/wp-content\/uploads\/2024\/04\/photo_5962765919979683993_y-768x1024.jpg\" alt=\"Photo 5962765919979683993 Y\" class=\"wp-image-3093\" srcset=\"https:\/\/daniela-parrucchieri.com\/wp-content\/uploads\/2024\/04\/photo_5962765919979683993_y-768x1024.jpg 768w, https:\/\/daniela-parrucchieri.com\/wp-content\/uploads\/2024\/04\/photo_5962765919979683993_y-225x300.jpg 225w, https:\/\/daniela-parrucchieri.com\/wp-content\/uploads\/2024\/04\/photo_5962765919979683993_y-920x1227.jpg 920w, https:\/\/daniela-parrucchieri.com\/wp-content\/uploads\/2024\/04\/photo_5962765919979683993_y-575x767.jpg 575w, https:\/\/daniela-parrucchieri.com\/wp-content\/uploads\/2024\/04\/photo_5962765919979683993_y-380x507.jpg 380w, https:\/\/daniela-parrucchieri.com\/wp-content\/uploads\/2024\/04\/photo_5962765919979683993_y-420x560.jpg 420w, https:\/\/daniela-parrucchieri.com\/wp-content\/uploads\/2024\/04\/photo_5962765919979683993_y-800x1067.jpg 800w, https:\/\/daniela-parrucchieri.com\/wp-content\/uploads\/2024\/04\/photo_5962765919979683993_y.jpg 960w\" sizes=\"auto, (max-width: 768px) 100vw, 768px\" \/><figcaption class=\"wp-element-caption\">Natural Nuance<\/figcaption><\/figure>\n\n\n\n<figure class=\"wp-block-image size-large\"><img loading=\"lazy\" decoding=\"async\" width=\"768\" height=\"1024\" data-id=\"3090\" src=\"https:\/\/daniela-parrucchieri.com\/wp-content\/uploads\/2024\/04\/photo_6010541967949283609_y-768x1024.jpg\" alt=\"Photo 6010541967949283609 Y\" class=\"wp-image-3090\" srcset=\"https:\/\/daniela-parrucchieri.com\/wp-content\/uploads\/2024\/04\/photo_6010541967949283609_y-768x1024.jpg 768w, https:\/\/daniela-parrucchieri.com\/wp-content\/uploads\/2024\/04\/photo_6010541967949283609_y-225x300.jpg 225w, https:\/\/daniela-parrucchieri.com\/wp-content\/uploads\/2024\/04\/photo_6010541967949283609_y-920x1227.jpg 920w, https:\/\/daniela-parrucchieri.com\/wp-content\/uploads\/2024\/04\/photo_6010541967949283609_y-575x767.jpg 575w, https:\/\/daniela-parrucchieri.com\/wp-content\/uploads\/2024\/04\/photo_6010541967949283609_y-380x507.jpg 380w, https:\/\/daniela-parrucchieri.com\/wp-content\/uploads\/2024\/04\/photo_6010541967949283609_y-420x560.jpg 420w, https:\/\/daniela-parrucchieri.com\/wp-content\/uploads\/2024\/04\/photo_6010541967949283609_y-800x1067.jpg 800w, https:\/\/daniela-parrucchieri.com\/wp-content\/uploads\/2024\/04\/photo_6010541967949283609_y.jpg 960w\" sizes=\"auto, (max-width: 768px) 100vw, 768px\" \/><figcaption class=\"wp-element-caption\">Natural Nuance<\/figcaption><\/figure>\n\n\n\n<figure class=\"wp-block-image size-large\"><img loading=\"lazy\" decoding=\"async\" width=\"768\" height=\"1024\" data-id=\"3091\" src=\"https:\/\/daniela-parrucchieri.com\/wp-content\/uploads\/2024\/04\/photo_6010541967949283621_y-768x1024.jpg\" alt=\"Photo 6010541967949283621 Y\" class=\"wp-image-3091\" srcset=\"https:\/\/daniela-parrucchieri.com\/wp-content\/uploads\/2024\/04\/photo_6010541967949283621_y-768x1024.jpg 768w, https:\/\/daniela-parrucchieri.com\/wp-content\/uploads\/2024\/04\/photo_6010541967949283621_y-225x300.jpg 225w, https:\/\/daniela-parrucchieri.com\/wp-content\/uploads\/2024\/04\/photo_6010541967949283621_y-920x1227.jpg 920w, https:\/\/daniela-parrucchieri.com\/wp-content\/uploads\/2024\/04\/photo_6010541967949283621_y-575x767.jpg 575w, https:\/\/daniela-parrucchieri.com\/wp-content\/uploads\/2024\/04\/photo_6010541967949283621_y-380x507.jpg 380w, https:\/\/daniela-parrucchieri.com\/wp-content\/uploads\/2024\/04\/photo_6010541967949283621_y-420x560.jpg 420w, https:\/\/daniela-parrucchieri.com\/wp-content\/uploads\/2024\/04\/photo_6010541967949283621_y-800x1067.jpg 800w, https:\/\/daniela-parrucchieri.com\/wp-content\/uploads\/2024\/04\/photo_6010541967949283621_y.jpg 960w\" sizes=\"auto, (max-width: 768px) 100vw, 768px\" \/><figcaption class=\"wp-element-caption\">Natural Nuance<\/figcaption><\/figure>\n\n\n\n<figure class=\"wp-block-image size-large\"><img loading=\"lazy\" decoding=\"async\" width=\"768\" height=\"1024\" data-id=\"3092\" src=\"https:\/\/daniela-parrucchieri.com\/wp-content\/uploads\/2024\/04\/photo_5978564115364431793_y-768x1024.jpg\" alt=\"Photo 5978564115364431793 Y\" class=\"wp-image-3092\" srcset=\"https:\/\/daniela-parrucchieri.com\/wp-content\/uploads\/2024\/04\/photo_5978564115364431793_y-768x1024.jpg 768w, https:\/\/daniela-parrucchieri.com\/wp-content\/uploads\/2024\/04\/photo_5978564115364431793_y-225x300.jpg 225w, https:\/\/daniela-parrucchieri.com\/wp-content\/uploads\/2024\/04\/photo_5978564115364431793_y-920x1227.jpg 920w, https:\/\/daniela-parrucchieri.com\/wp-content\/uploads\/2024\/04\/photo_5978564115364431793_y-575x767.jpg 575w, https:\/\/daniela-parrucchieri.com\/wp-content\/uploads\/2024\/04\/photo_5978564115364431793_y-380x507.jpg 380w, https:\/\/daniela-parrucchieri.com\/wp-content\/uploads\/2024\/04\/photo_5978564115364431793_y-420x560.jpg 420w, https:\/\/daniela-parrucchieri.com\/wp-content\/uploads\/2024\/04\/photo_5978564115364431793_y-800x1067.jpg 800w, https:\/\/daniela-parrucchieri.com\/wp-content\/uploads\/2024\/04\/photo_5978564115364431793_y.jpg 960w\" sizes=\"auto, (max-width: 768px) 100vw, 768px\" \/><figcaption class=\"wp-element-caption\">Natural Nuance<\/figcaption><\/figure>\n\n\n\n<figure class=\"wp-block-image size-large\"><img loading=\"lazy\" decoding=\"async\" width=\"768\" height=\"1024\" data-id=\"3087\" src=\"https:\/\/daniela-parrucchieri.com\/wp-content\/uploads\/2024\/04\/photo_5794418736873194131_y-768x1024.jpg\" alt=\"Photo 5794418736873194131 Y\" class=\"wp-image-3087\" srcset=\"https:\/\/daniela-parrucchieri.com\/wp-content\/uploads\/2024\/04\/photo_5794418736873194131_y-768x1024.jpg 768w, https:\/\/daniela-parrucchieri.com\/wp-content\/uploads\/2024\/04\/photo_5794418736873194131_y-225x300.jpg 225w, https:\/\/daniela-parrucchieri.com\/wp-content\/uploads\/2024\/04\/photo_5794418736873194131_y-920x1227.jpg 920w, https:\/\/daniela-parrucchieri.com\/wp-content\/uploads\/2024\/04\/photo_5794418736873194131_y-575x767.jpg 575w, https:\/\/daniela-parrucchieri.com\/wp-content\/uploads\/2024\/04\/photo_5794418736873194131_y-380x507.jpg 380w, https:\/\/daniela-parrucchieri.com\/wp-content\/uploads\/2024\/04\/photo_5794418736873194131_y-420x560.jpg 420w, https:\/\/daniela-parrucchieri.com\/wp-content\/uploads\/2024\/04\/photo_5794418736873194131_y-800x1067.jpg 800w, https:\/\/daniela-parrucchieri.com\/wp-content\/uploads\/2024\/04\/photo_5794418736873194131_y.jpg 960w\" sizes=\"auto, (max-width: 768px) 100vw, 768px\" \/><figcaption class=\"wp-element-caption\">Natural Nuance<\/figcaption><\/figure>\n\n\n\n<figure class=\"wp-block-image size-large\"><img loading=\"lazy\" decoding=\"async\" width=\"768\" height=\"1024\" data-id=\"3086\" src=\"https:\/\/daniela-parrucchieri.com\/wp-content\/uploads\/2024\/04\/photo_5773663668192526398_y-768x1024.jpg\" alt=\"Photo 5773663668192526398 Y\" class=\"wp-image-3086\" srcset=\"https:\/\/daniela-parrucchieri.com\/wp-content\/uploads\/2024\/04\/photo_5773663668192526398_y-768x1024.jpg 768w, https:\/\/daniela-parrucchieri.com\/wp-content\/uploads\/2024\/04\/photo_5773663668192526398_y-225x300.jpg 225w, https:\/\/daniela-parrucchieri.com\/wp-content\/uploads\/2024\/04\/photo_5773663668192526398_y-920x1227.jpg 920w, https:\/\/daniela-parrucchieri.com\/wp-content\/uploads\/2024\/04\/photo_5773663668192526398_y-575x767.jpg 575w, https:\/\/daniela-parrucchieri.com\/wp-content\/uploads\/2024\/04\/photo_5773663668192526398_y-380x507.jpg 380w, https:\/\/daniela-parrucchieri.com\/wp-content\/uploads\/2024\/04\/photo_5773663668192526398_y-420x560.jpg 420w, https:\/\/daniela-parrucchieri.com\/wp-content\/uploads\/2024\/04\/photo_5773663668192526398_y-800x1067.jpg 800w, https:\/\/daniela-parrucchieri.com\/wp-content\/uploads\/2024\/04\/photo_5773663668192526398_y.jpg 960w\" sizes=\"auto, (max-width: 768px) 100vw, 768px\" \/><figcaption class=\"wp-element-caption\">Natural Nuance<\/figcaption><\/figure>\n\n\n\n<figure class=\"wp-block-image size-large\"><img loading=\"lazy\" decoding=\"async\" width=\"576\" height=\"1024\" data-id=\"3083\" src=\"https:\/\/daniela-parrucchieri.com\/wp-content\/uploads\/2024\/04\/Bianco-Minimalista-Pizza-Video-Storia-Instagram-576x1024.png\" alt=\"Bianco Minimalista Pizza Video Storia Instagram\" class=\"wp-image-3083\" srcset=\"https:\/\/daniela-parrucchieri.com\/wp-content\/uploads\/2024\/04\/Bianco-Minimalista-Pizza-Video-Storia-Instagram-576x1024.png 576w, https:\/\/daniela-parrucchieri.com\/wp-content\/uploads\/2024\/04\/Bianco-Minimalista-Pizza-Video-Storia-Instagram-169x300.png 169w, https:\/\/daniela-parrucchieri.com\/wp-content\/uploads\/2024\/04\/Bianco-Minimalista-Pizza-Video-Storia-Instagram-768x1365.png 768w, https:\/\/daniela-parrucchieri.com\/wp-content\/uploads\/2024\/04\/Bianco-Minimalista-Pizza-Video-Storia-Instagram-864x1536.png 864w, https:\/\/daniela-parrucchieri.com\/wp-content\/uploads\/2024\/04\/Bianco-Minimalista-Pizza-Video-Storia-Instagram-920x1636.png 920w, https:\/\/daniela-parrucchieri.com\/wp-content\/uploads\/2024\/04\/Bianco-Minimalista-Pizza-Video-Storia-Instagram-575x1022.png 575w, https:\/\/daniela-parrucchieri.com\/wp-content\/uploads\/2024\/04\/Bianco-Minimalista-Pizza-Video-Storia-Instagram-380x676.png 380w, https:\/\/daniela-parrucchieri.com\/wp-content\/uploads\/2024\/04\/Bianco-Minimalista-Pizza-Video-Storia-Instagram-420x747.png 420w, https:\/\/daniela-parrucchieri.com\/wp-content\/uploads\/2024\/04\/Bianco-Minimalista-Pizza-Video-Storia-Instagram-800x1422.png 800w, https:\/\/daniela-parrucchieri.com\/wp-content\/uploads\/2024\/04\/Bianco-Minimalista-Pizza-Video-Storia-Instagram.png 1080w\" sizes=\"auto, (max-width: 576px) 100vw, 576px\" \/><figcaption class=\"wp-element-caption\">Natural Nuance<\/figcaption><\/figure>\n\n\n\n<figure class=\"wp-block-image size-large\"><img loading=\"lazy\" decoding=\"async\" width=\"768\" height=\"1024\" data-id=\"3085\" src=\"https:\/\/daniela-parrucchieri.com\/wp-content\/uploads\/2024\/04\/photo_5792019641156092234_y-768x1024.jpg\" alt=\"Photo 5792019641156092234 Y\" class=\"wp-image-3085\" srcset=\"https:\/\/daniela-parrucchieri.com\/wp-content\/uploads\/2024\/04\/photo_5792019641156092234_y-768x1024.jpg 768w, https:\/\/daniela-parrucchieri.com\/wp-content\/uploads\/2024\/04\/photo_5792019641156092234_y-225x300.jpg 225w, https:\/\/daniela-parrucchieri.com\/wp-content\/uploads\/2024\/04\/photo_5792019641156092234_y-920x1227.jpg 920w, https:\/\/daniela-parrucchieri.com\/wp-content\/uploads\/2024\/04\/photo_5792019641156092234_y-575x767.jpg 575w, https:\/\/daniela-parrucchieri.com\/wp-content\/uploads\/2024\/04\/photo_5792019641156092234_y-380x507.jpg 380w, https:\/\/daniela-parrucchieri.com\/wp-content\/uploads\/2024\/04\/photo_5792019641156092234_y-420x560.jpg 420w, https:\/\/daniela-parrucchieri.com\/wp-content\/uploads\/2024\/04\/photo_5792019641156092234_y-800x1067.jpg 800w, https:\/\/daniela-parrucchieri.com\/wp-content\/uploads\/2024\/04\/photo_5792019641156092234_y.jpg 960w\" sizes=\"auto, (max-width: 768px) 100vw, 768px\" \/><figcaption class=\"wp-element-caption\">Natural Nuance<\/figcaption><\/figure>\n\n\n\n<figure class=\"wp-block-image size-large\"><a href=\"https:\/\/daniela-parrucchieri.com\/wp-content\/uploads\/2022\/05\/img_20220413_115615-scaled.jpg\"><img loading=\"lazy\" decoding=\"async\" width=\"768\" height=\"1024\" data-id=\"1541\" src=\"https:\/\/daniela-parrucchieri.com\/wp-content\/uploads\/2022\/05\/img_20220413_115615-768x1024.jpg\" alt=\"\" class=\"wp-image-1541\" srcset=\"https:\/\/daniela-parrucchieri.com\/wp-content\/uploads\/2022\/05\/img_20220413_115615-768x1024.jpg 768w, https:\/\/daniela-parrucchieri.com\/wp-content\/uploads\/2022\/05\/img_20220413_115615-scaled-420x560.jpg 420w, https:\/\/daniela-parrucchieri.com\/wp-content\/uploads\/2022\/05\/img_20220413_115615-scaled-800x1067.jpg 800w, https:\/\/daniela-parrucchieri.com\/wp-content\/uploads\/2022\/05\/img_20220413_115615-225x300.jpg 225w, https:\/\/daniela-parrucchieri.com\/wp-content\/uploads\/2022\/05\/img_20220413_115615-1152x1536.jpg 1152w, https:\/\/daniela-parrucchieri.com\/wp-content\/uploads\/2022\/05\/img_20220413_115615-1536x2048.jpg 1536w, https:\/\/daniela-parrucchieri.com\/wp-content\/uploads\/2022\/05\/img_20220413_115615-scaled.jpg 1920w\" sizes=\"auto, (max-width: 768px) 100vw, 768px\" \/><\/a><figcaption class=\"wp-element-caption\">Natural Nuance<\/figcaption><\/figure>\n\n\n\n<figure class=\"wp-block-image size-large\"><a href=\"https:\/\/daniela-parrucchieri.com\/wp-content\/uploads\/2023\/02\/storage_emulated_0_dcim__edited-scaled.jpg\"><img loading=\"lazy\" decoding=\"async\" width=\"756\" height=\"1024\" data-id=\"1776\" src=\"https:\/\/daniela-parrucchieri.com\/wp-content\/uploads\/2023\/02\/storage_emulated_0_dcim__edited-756x1024.jpg\" alt=\"\" class=\"wp-image-1776\" srcset=\"https:\/\/daniela-parrucchieri.com\/wp-content\/uploads\/2023\/02\/storage_emulated_0_dcim__edited-756x1024.jpg 756w, https:\/\/daniela-parrucchieri.com\/wp-content\/uploads\/2023\/02\/storage_emulated_0_dcim__edited-scaled-420x569.jpg 420w, https:\/\/daniela-parrucchieri.com\/wp-content\/uploads\/2023\/02\/storage_emulated_0_dcim__edited-scaled-800x1084.jpg 800w, https:\/\/daniela-parrucchieri.com\/wp-content\/uploads\/2023\/02\/storage_emulated_0_dcim__edited-221x300.jpg 221w, https:\/\/daniela-parrucchieri.com\/wp-content\/uploads\/2023\/02\/storage_emulated_0_dcim__edited-768x1041.jpg 768w, https:\/\/daniela-parrucchieri.com\/wp-content\/uploads\/2023\/02\/storage_emulated_0_dcim__edited-1134x1536.jpg 1134w, https:\/\/daniela-parrucchieri.com\/wp-content\/uploads\/2023\/02\/storage_emulated_0_dcim__edited-1511x2048.jpg 1511w, https:\/\/daniela-parrucchieri.com\/wp-content\/uploads\/2023\/02\/storage_emulated_0_dcim__edited-scaled.jpg 1889w\" sizes=\"auto, (max-width: 756px) 100vw, 756px\" \/><\/a><figcaption class=\"wp-element-caption\">Natural Nuance<\/figcaption><\/figure>\n\n\n\n<figure class=\"wp-block-image size-large\"><a href=\"https:\/\/daniela-parrucchieri.com\/wp-content\/uploads\/2023\/02\/img_20220503_104344-1-scaled.jpg\"><img loading=\"lazy\" decoding=\"async\" width=\"768\" height=\"1024\" data-id=\"1780\" src=\"https:\/\/daniela-parrucchieri.com\/wp-content\/uploads\/2023\/02\/img_20220503_104344-1-768x1024.jpg\" alt=\"\" class=\"wp-image-1780\" srcset=\"https:\/\/daniela-parrucchieri.com\/wp-content\/uploads\/2023\/02\/img_20220503_104344-1-768x1024.jpg 768w, https:\/\/daniela-parrucchieri.com\/wp-content\/uploads\/2023\/02\/img_20220503_104344-1-scaled-420x560.jpg 420w, https:\/\/daniela-parrucchieri.com\/wp-content\/uploads\/2023\/02\/img_20220503_104344-1-scaled-800x1067.jpg 800w, https:\/\/daniela-parrucchieri.com\/wp-content\/uploads\/2023\/02\/img_20220503_104344-1-225x300.jpg 225w, https:\/\/daniela-parrucchieri.com\/wp-content\/uploads\/2023\/02\/img_20220503_104344-1-1152x1536.jpg 1152w, https:\/\/daniela-parrucchieri.com\/wp-content\/uploads\/2023\/02\/img_20220503_104344-1-1536x2048.jpg 1536w, https:\/\/daniela-parrucchieri.com\/wp-content\/uploads\/2023\/02\/img_20220503_104344-1-scaled.jpg 1920w\" sizes=\"auto, (max-width: 768px) 100vw, 768px\" \/><\/a><figcaption class=\"wp-element-caption\">Natural Nuance<\/figcaption><\/figure>\n\n\n\n<figure class=\"wp-block-image size-large\"><a href=\"https:\/\/daniela-parrucchieri.com\/wp-content\/uploads\/2023\/02\/img-20220625-wa0004.jpg\"><img loading=\"lazy\" decoding=\"async\" width=\"768\" height=\"1024\" data-id=\"1779\" src=\"https:\/\/daniela-parrucchieri.com\/wp-content\/uploads\/2023\/02\/img-20220625-wa0004-768x1024.jpg\" alt=\"\" class=\"wp-image-1779\" srcset=\"https:\/\/daniela-parrucchieri.com\/wp-content\/uploads\/2023\/02\/img-20220625-wa0004-768x1024.jpg 768w, https:\/\/daniela-parrucchieri.com\/wp-content\/uploads\/2023\/02\/img-20220625-wa0004-420x560.jpg 420w, https:\/\/daniela-parrucchieri.com\/wp-content\/uploads\/2023\/02\/img-20220625-wa0004-800x1067.jpg 800w, https:\/\/daniela-parrucchieri.com\/wp-content\/uploads\/2023\/02\/img-20220625-wa0004-225x300.jpg 225w, https:\/\/daniela-parrucchieri.com\/wp-content\/uploads\/2023\/02\/img-20220625-wa0004-1152x1536.jpg 1152w, https:\/\/daniela-parrucchieri.com\/wp-content\/uploads\/2023\/02\/img-20220625-wa0004.jpg 1536w\" sizes=\"auto, (max-width: 768px) 100vw, 768px\" \/><\/a><figcaption class=\"wp-element-caption\">Natural Nuance<\/figcaption><\/figure>\n\n\n\n<figure class=\"wp-block-image size-large\"><a href=\"https:\/\/daniela-parrucchieri.com\/wp-content\/uploads\/2023\/02\/img-20221028-wa0009.jpg\"><img loading=\"lazy\" decoding=\"async\" width=\"768\" height=\"1024\" data-id=\"1782\" src=\"https:\/\/daniela-parrucchieri.com\/wp-content\/uploads\/2023\/02\/img-20221028-wa0009-768x1024.jpg\" alt=\"\" class=\"wp-image-1782\" srcset=\"https:\/\/daniela-parrucchieri.com\/wp-content\/uploads\/2023\/02\/img-20221028-wa0009-768x1024.jpg 768w, https:\/\/daniela-parrucchieri.com\/wp-content\/uploads\/2023\/02\/img-20221028-wa0009-420x560.jpg 420w, https:\/\/daniela-parrucchieri.com\/wp-content\/uploads\/2023\/02\/img-20221028-wa0009-800x1067.jpg 800w, https:\/\/daniela-parrucchieri.com\/wp-content\/uploads\/2023\/02\/img-20221028-wa0009-225x300.jpg 225w, https:\/\/daniela-parrucchieri.com\/wp-content\/uploads\/2023\/02\/img-20221028-wa0009-1152x1536.jpg 1152w, https:\/\/daniela-parrucchieri.com\/wp-content\/uploads\/2023\/02\/img-20221028-wa0009.jpg 1200w\" sizes=\"auto, (max-width: 768px) 100vw, 768px\" \/><\/a><figcaption class=\"wp-element-caption\">Natural Nuance<\/figcaption><\/figure>\n\n\n\n<figure class=\"wp-block-image size-large\"><a href=\"https:\/\/daniela-parrucchieri.com\/wp-content\/uploads\/2023\/02\/img20221006165946-scaled.jpg\"><img loading=\"lazy\" decoding=\"async\" width=\"768\" height=\"1024\" data-id=\"1804\" src=\"https:\/\/daniela-parrucchieri.com\/wp-content\/uploads\/2023\/02\/img20221006165946-768x1024.jpg\" alt=\"\" class=\"wp-image-1804\" srcset=\"https:\/\/daniela-parrucchieri.com\/wp-content\/uploads\/2023\/02\/img20221006165946-768x1024.jpg 768w, https:\/\/daniela-parrucchieri.com\/wp-content\/uploads\/2023\/02\/img20221006165946-scaled-420x560.jpg 420w, https:\/\/daniela-parrucchieri.com\/wp-content\/uploads\/2023\/02\/img20221006165946-scaled-800x1067.jpg 800w, https:\/\/daniela-parrucchieri.com\/wp-content\/uploads\/2023\/02\/img20221006165946-225x300.jpg 225w, https:\/\/daniela-parrucchieri.com\/wp-content\/uploads\/2023\/02\/img20221006165946-1152x1536.jpg 1152w, https:\/\/daniela-parrucchieri.com\/wp-content\/uploads\/2023\/02\/img20221006165946-1536x2048.jpg 1536w, https:\/\/daniela-parrucchieri.com\/wp-content\/uploads\/2023\/02\/img20221006165946-scaled.jpg 1920w\" sizes=\"auto, (max-width: 768px) 100vw, 768px\" \/><\/a><figcaption class=\"wp-element-caption\">Natural Nuance<\/figcaption><\/figure>\n\n\n\n<figure class=\"wp-block-image size-large\"><a href=\"https:\/\/daniela-parrucchieri.com\/wp-content\/uploads\/2023\/02\/img-20221110-wa0002.jpg\"><img loading=\"lazy\" decoding=\"async\" width=\"768\" height=\"1024\" data-id=\"1802\" src=\"https:\/\/daniela-parrucchieri.com\/wp-content\/uploads\/2023\/02\/img-20221110-wa0002.jpg\" alt=\"\" class=\"wp-image-1802\" srcset=\"https:\/\/daniela-parrucchieri.com\/wp-content\/uploads\/2023\/02\/img-20221110-wa0002.jpg 768w, https:\/\/daniela-parrucchieri.com\/wp-content\/uploads\/2023\/02\/img-20221110-wa0002-420x560.jpg 420w, https:\/\/daniela-parrucchieri.com\/wp-content\/uploads\/2023\/02\/img-20221110-wa0002-225x300.jpg 225w\" sizes=\"auto, (max-width: 768px) 100vw, 768px\" \/><\/a><figcaption class=\"wp-element-caption\">Natural Nuance<\/figcaption><\/figure>\n\n\n\n<figure class=\"wp-block-image size-large\"><a href=\"https:\/\/daniela-parrucchieri.com\/wp-content\/uploads\/2023\/02\/img_20230128_115822-scaled.jpg\"><img loading=\"lazy\" decoding=\"async\" width=\"768\" height=\"1024\" data-id=\"1799\" src=\"https:\/\/daniela-parrucchieri.com\/wp-content\/uploads\/2023\/02\/img_20230128_115822-768x1024.jpg\" alt=\"\" class=\"wp-image-1799\" srcset=\"https:\/\/daniela-parrucchieri.com\/wp-content\/uploads\/2023\/02\/img_20230128_115822-768x1024.jpg 768w, https:\/\/daniela-parrucchieri.com\/wp-content\/uploads\/2023\/02\/img_20230128_115822-scaled-420x560.jpg 420w, https:\/\/daniela-parrucchieri.com\/wp-content\/uploads\/2023\/02\/img_20230128_115822-scaled-800x1067.jpg 800w, https:\/\/daniela-parrucchieri.com\/wp-content\/uploads\/2023\/02\/img_20230128_115822-225x300.jpg 225w, https:\/\/daniela-parrucchieri.com\/wp-content\/uploads\/2023\/02\/img_20230128_115822-1152x1536.jpg 1152w, https:\/\/daniela-parrucchieri.com\/wp-content\/uploads\/2023\/02\/img_20230128_115822-1536x2048.jpg 1536w, https:\/\/daniela-parrucchieri.com\/wp-content\/uploads\/2023\/02\/img_20230128_115822-scaled.jpg 1920w\" sizes=\"auto, (max-width: 768px) 100vw, 768px\" \/><\/a><figcaption class=\"wp-element-caption\">Natural Nuance<\/figcaption><\/figure>\n\n\n\n<figure class=\"wp-block-image size-large\"><a href=\"https:\/\/daniela-parrucchieri.com\/wp-content\/uploads\/2023\/02\/img_20220708_191553_049.jpg\"><img loading=\"lazy\" decoding=\"async\" width=\"1024\" height=\"1024\" data-id=\"1819\" src=\"https:\/\/daniela-parrucchieri.com\/wp-content\/uploads\/2023\/02\/img_20220708_191553_049-1024x1024.jpg\" alt=\"\" class=\"wp-image-1819\" srcset=\"https:\/\/daniela-parrucchieri.com\/wp-content\/uploads\/2023\/02\/img_20220708_191553_049-1024x1024.jpg 1024w, https:\/\/daniela-parrucchieri.com\/wp-content\/uploads\/2023\/02\/img_20220708_191553_049-420x420.jpg 420w, https:\/\/daniela-parrucchieri.com\/wp-content\/uploads\/2023\/02\/img_20220708_191553_049-100x100.jpg 100w, https:\/\/daniela-parrucchieri.com\/wp-content\/uploads\/2023\/02\/img_20220708_191553_049-800x800.jpg 800w, https:\/\/daniela-parrucchieri.com\/wp-content\/uploads\/2023\/02\/img_20220708_191553_049-300x300.jpg 300w, https:\/\/daniela-parrucchieri.com\/wp-content\/uploads\/2023\/02\/img_20220708_191553_049-150x150.jpg 150w, https:\/\/daniela-parrucchieri.com\/wp-content\/uploads\/2023\/02\/img_20220708_191553_049-768x768.jpg 768w, https:\/\/daniela-parrucchieri.com\/wp-content\/uploads\/2023\/02\/img_20220708_191553_049.jpg 1080w\" sizes=\"auto, (max-width: 1024px) 100vw, 1024px\" \/><\/a><figcaption class=\"wp-element-caption\">Natural Nuance<\/figcaption><\/figure>\n\n\n\n<figure class=\"wp-block-image size-large\"><a href=\"https:\/\/daniela-parrucchieri.com\/wp-content\/uploads\/2022\/09\/img-20220625-wa0004.jpg\"><img loading=\"lazy\" decoding=\"async\" width=\"768\" height=\"1024\" data-id=\"1646\" src=\"https:\/\/daniela-parrucchieri.com\/wp-content\/uploads\/2022\/09\/img-20220625-wa0004-768x1024.jpg\" alt=\"\" class=\"wp-image-1646\" srcset=\"https:\/\/daniela-parrucchieri.com\/wp-content\/uploads\/2022\/09\/img-20220625-wa0004-768x1024.jpg 768w, https:\/\/daniela-parrucchieri.com\/wp-content\/uploads\/2022\/09\/img-20220625-wa0004-420x560.jpg 420w, https:\/\/daniela-parrucchieri.com\/wp-content\/uploads\/2022\/09\/img-20220625-wa0004-800x1067.jpg 800w, https:\/\/daniela-parrucchieri.com\/wp-content\/uploads\/2022\/09\/img-20220625-wa0004-225x300.jpg 225w, https:\/\/daniela-parrucchieri.com\/wp-content\/uploads\/2022\/09\/img-20220625-wa0004-1152x1536.jpg 1152w, https:\/\/daniela-parrucchieri.com\/wp-content\/uploads\/2022\/09\/img-20220625-wa0004.jpg 1536w\" sizes=\"auto, (max-width: 768px) 100vw, 768px\" \/><\/a><figcaption class=\"wp-element-caption\">Natural Nuance<\/figcaption><\/figure>\n\n\n\n<figure class=\"wp-block-image size-large\"><a href=\"https:\/\/daniela-parrucchieri.com\/wp-content\/uploads\/2022\/01\/img_20210911_143018-scaled.jpg\"><img loading=\"lazy\" decoding=\"async\" width=\"768\" height=\"1024\" data-id=\"1456\" src=\"https:\/\/daniela-parrucchieri.com\/wp-content\/uploads\/2022\/01\/img_20210911_143018-768x1024.jpg\" alt=\"\" class=\"wp-image-1456\" srcset=\"https:\/\/daniela-parrucchieri.com\/wp-content\/uploads\/2022\/01\/img_20210911_143018-768x1024.jpg 768w, https:\/\/daniela-parrucchieri.com\/wp-content\/uploads\/2022\/01\/img_20210911_143018-scaled-420x560.jpg 420w, https:\/\/daniela-parrucchieri.com\/wp-content\/uploads\/2022\/01\/img_20210911_143018-scaled-800x1067.jpg 800w, https:\/\/daniela-parrucchieri.com\/wp-content\/uploads\/2022\/01\/img_20210911_143018-225x300.jpg 225w, https:\/\/daniela-parrucchieri.com\/wp-content\/uploads\/2022\/01\/img_20210911_143018-1152x1536.jpg 1152w, https:\/\/daniela-parrucchieri.com\/wp-content\/uploads\/2022\/01\/img_20210911_143018-1536x2048.jpg 1536w, https:\/\/daniela-parrucchieri.com\/wp-content\/uploads\/2022\/01\/img_20210911_143018-scaled.jpg 1920w\" sizes=\"auto, (max-width: 768px) 100vw, 768px\" \/><\/a><figcaption class=\"wp-element-caption\">Natural Nuance<\/figcaption><\/figure>\n<\/figure>\n\n\n\n<h1 class=\"wp-block-heading has-text-align-center\" style=\"font-size:38px;line-height:1.4\">Dicono di noi<\/h1>\n\n\n\n<div class=\"wp-block-columns is-layout-flex wp-container-core-columns-is-layout-28f84493 wp-block-columns-is-layout-flex\">\n<div class=\"wp-block-column is-layout-flow wp-block-column-is-layout-flow\">\n<h3 class=\"wp-block-heading\">Samantha (Google)<\/h3>\n\n\n\n<p style=\"font-size:20px\"><em>Daniela \u00e9 una sicurezza, come del resto tutto il suo staff. <\/em><br><em>Sempre piacevole farsi coccolare qui in salone. <\/em><em>Moderna e precisa \u00e8 sempre aggiornata sulle ultime novit\u00e0. Assolutamente consigliata<\/em><\/p>\n\n\n\n<h3 class=\"wp-block-heading\">Martina (Google) <\/h3>\n\n\n\n<p style=\"font-size:20px\"><em>Sono molto soddisfatta, parrucchiere cos\u00ec se ne trovano poche! Tutte bravissime e molto professionali!<\/em><\/p>\n\n\n\n<h3 class=\"wp-block-heading\">Paola (Google)<\/h3>\n\n\n\n<p style=\"font-size:20px\"><em>Bravissima!!!<\/em><\/p>\n<\/div>\n\n\n\n<div class=\"wp-block-column is-layout-flow wp-block-column-is-layout-flow\">\n<h3 class=\"wp-block-heading\">Monica (Google)<\/h3>\n\n\n\n<p style=\"font-size:20px\"><em>Daniela \u00e8 una vera garanzia. Ragazze professionali molto brave.<\/em><\/p>\n\n\n\n<h3 class=\"wp-block-heading\"><\/h3>\n\n\n\n<h3 class=\"wp-block-heading\">Elisa (Google)<\/h3>\n\n\n\n<p style=\"font-size:20px\"><em>Disponibile, sempre pronta allo studio del taglio migliore che meglio si adatta al viso di ogni cliente. Cura e attenzione x le clienti.<\/em><\/p>\n<\/div>\n<\/div>\n\n\n<div class=\"wp-block-image is-resized\">\n<figure class=\"aligncenter size-large\"><a href=\"https:\/\/daniela-parrucchieri.com\/index.php\/orari\/\"><img loading=\"lazy\" decoding=\"async\" width=\"1024\" height=\"318\" src=\"https:\/\/daniela-parrucchieri.com\/wp-content\/uploads\/2017\/02\/orario-1024x318.jpg\" alt=\"\" class=\"wp-image-325\" style=\"width:302px;height:auto\" srcset=\"https:\/\/daniela-parrucchieri.com\/wp-content\/uploads\/2017\/02\/orario-1024x318.jpg 1024w, https:\/\/daniela-parrucchieri.com\/wp-content\/uploads\/2017\/02\/orario-420x130.jpg 420w, https:\/\/daniela-parrucchieri.com\/wp-content\/uploads\/2017\/02\/orario-800x248.jpg 800w, https:\/\/daniela-parrucchieri.com\/wp-content\/uploads\/2017\/02\/orario-300x93.jpg 300w, https:\/\/daniela-parrucchieri.com\/wp-content\/uploads\/2017\/02\/orario-768x238.jpg 768w, https:\/\/daniela-parrucchieri.com\/wp-content\/uploads\/2017\/02\/orario.jpg 1290w\" sizes=\"auto, (max-width: 1024px) 100vw, 1024px\" \/><\/a><\/figure>\n<\/div>","protected":false},"excerpt":{"rendered":"<p>Natural Nuance di Daniela Provasi \u00e8 Centro Specializzato in schiariture dall&#8217;effetto naturale.Prova la magia di indossare un colore unico, che rispecchia la tua personalit\u00e0.Come? Con le nostre tecniche esclusive.Contattaci per [&hellip;]<\/p>\n","protected":false},"author":1,"featured_media":0,"parent":0,"menu_order":0,"comment_status":"closed","ping_status":"closed","template":"","meta":{"slim_seo":{"title":"Capelli dalle sfumature naturali.","description":"Salone Natural Nuance di Daniela Provasi: Prova la magia d'indossare un colore unico, che rispecchia la tua personalit\u00e0. Gli specialisti siamo noi."},"footnotes":"[]"},"class_list":["post-2040","page","type-page","status-publish","hentry"],"_links":{"self":[{"href":"https:\/\/daniela-parrucchieri.com\/index.php\/wp-json\/wp\/v2\/pages\/2040","targetHints":{"allow":["GET"]}}],"collection":[{"href":"https:\/\/daniela-parrucchieri.com\/index.php\/wp-json\/wp\/v2\/pages"}],"about":[{"href":"https:\/\/daniela-parrucchieri.com\/index.php\/wp-json\/wp\/v2\/types\/page"}],"author":[{"embeddable":true,"href":"https:\/\/daniela-parrucchieri.com\/index.php\/wp-json\/wp\/v2\/users\/1"}],"replies":[{"embeddable":true,"href":"https:\/\/daniela-parrucchieri.com\/index.php\/wp-json\/wp\/v2\/comments?post=2040"}],"version-history":[{"count":202,"href":"https:\/\/daniela-parrucchieri.com\/index.php\/wp-json\/wp\/v2\/pages\/2040\/revisions"}],"predecessor-version":[{"id":3222,"href":"https:\/\/daniela-parrucchieri.com\/index.php\/wp-json\/wp\/v2\/pages\/2040\/revisions\/3222"}],"wp:attachment":[{"href":"https:\/\/daniela-parrucchieri.com\/index.php\/wp-json\/wp\/v2\/media?parent=2040"}],"curies":[{"name":"wp","href":"https:\/\/api.w.org\/{rel}","templated":true}]}}